{"id":60,"date":"2019-03-01T17:06:44","date_gmt":"2019-03-01T17:06:44","guid":{"rendered":"http:\/\/erofisioterapiayprevencion.es\/?page_id=60"},"modified":"2026-03-18T17:35:14","modified_gmt":"2026-03-18T17:35:14","slug":"quienes-somos","status":"publish","type":"page","link":"http:\/\/erofisioterapiayprevencion.es\/?page_id=60","title":{"rendered":"\u00bfQUIENES SOMOS?"},"content":{"rendered":"\t\t<div data-elementor-type=\"wp-post\" data-elementor-id=\"60\" class=\"elementor elementor-60\" data-elementor-settings=\"[]\">\n\t\t\t\t\t\t<div class=\"elementor-inner\">\n\t\t\t\t\t\t\t<div class=\"elementor-section-wrap\">\n\t\t\t\t\t\t\t<section class=\"elementor-section elementor-top-section elementor-element elementor-element-d27e881 elementor-section-boxed elementor-section-height-default elementor-section-height-default\" data-id=\"d27e881\" data-element_type=\"section\">\n\t\t\t\t\t\t<div class=\"elementor-container elementor-column-gap-default\">\n\t\t\t\t\t\t\t<div class=\"elementor-row\">\n\t\t\t\t\t<div class=\"elementor-column elementor-col-100 elementor-top-column elementor-element elementor-element-a5d11bf\" data-id=\"a5d11bf\" data-element_type=\"column\">\n\t\t\t<div class=\"elementor-column-wrap elementor-element-populated\">\n\t\t\t\t\t\t\t<div class=\"elementor-widget-wrap\">\n\t\t\t\t\t\t<div class=\"elementor-element elementor-element-1436ecc elementor-widget elementor-widget-heading\" data-id=\"1436ecc\" data-element_type=\"widget\" data-widget_type=\"heading.default\">\n\t\t\t\t<div class=\"elementor-widget-container\">\n\t\t\t<h2 class=\"elementor-heading-title elementor-size-default\">ERO significa \"hacia arriba\"<\/h2>\t\t<\/div>\n\t\t\t\t<\/div>\n\t\t\t\t\t\t<\/div>\n\t\t\t\t\t<\/div>\n\t\t<\/div>\n\t\t\t\t\t\t\t\t<\/div>\n\t\t\t\t\t<\/div>\n\t\t<\/section>\n\t\t\t\t<section class=\"elementor-section elementor-top-section elementor-element elementor-element-42f92e8b elementor-section-boxed elementor-section-height-default elementor-section-height-default\" data-id=\"42f92e8b\" data-element_type=\"section\">\n\t\t\t\t\t\t<div class=\"elementor-container elementor-column-gap-default\">\n\t\t\t\t\t\t\t<div class=\"elementor-row\">\n\t\t\t\t\t<div class=\"elementor-column elementor-col-100 elementor-top-column elementor-element elementor-element-6b86b4e6\" data-id=\"6b86b4e6\" data-element_type=\"column\">\n\t\t\t<div class=\"elementor-column-wrap elementor-element-populated\">\n\t\t\t\t\t\t\t<div class=\"elementor-widget-wrap\">\n\t\t\t\t\t\t<div class=\"elementor-element elementor-element-244314da elementor-widget elementor-widget-text-editor\" data-id=\"244314da\" data-element_type=\"widget\" data-widget_type=\"text-editor.default\">\n\t\t\t\t<div class=\"elementor-widget-container\">\n\t\t\t\t\t<div class=\"elementor-text-editor elementor-clearfix\"><!-- wp:paragraph -->\n<p>\u00bfQuienes somos? Para conocernos, te presentamos el origen etimol\u00f3gico de nuestro nombre.<\/p>\n<!-- \/wp:paragraph -->\n\n<!-- wp:image {\"id\":106,\"align\":\"right\",\"width\":288,\"height\":288} -->\n<div class=\"wp-block-image\"><figure class=\"alignright is-resized\"><img loading=\"lazy\" src=\"http:\/\/erofisioterapiayprevencion.es\/wp-content\/uploads\/2019\/03\/11695946_851819301567075_5198820206101570119_n-copia.jpg\" alt=\"\" class=\"wp-image-106\" width=\"288\" height=\"288\" srcset=\"http:\/\/erofisioterapiayprevencion.es\/wp-content\/uploads\/2019\/03\/11695946_851819301567075_5198820206101570119_n-copia.jpg 427w, http:\/\/erofisioterapiayprevencion.es\/wp-content\/uploads\/2019\/03\/11695946_851819301567075_5198820206101570119_n-copia-300x300.jpg 300w, http:\/\/erofisioterapiayprevencion.es\/wp-content\/uploads\/2019\/03\/11695946_851819301567075_5198820206101570119_n-copia-100x100.jpg 100w, http:\/\/erofisioterapiayprevencion.es\/wp-content\/uploads\/2019\/03\/11695946_851819301567075_5198820206101570119_n-copia-150x150.jpg 150w\" sizes=\"(max-width: 288px) 100vw, 288px\" \/><\/figure><\/div>\n<!-- \/wp:image -->\n\n<!-- wp:paragraph -->\n<p><a href=\"http:\/\/etimologias.dechile.net\/?aire\">Aire<\/a> emana de un vocablo del lat\u00edn, que adem\u00e1s procede de la palabra griega ero y se traduce como \u201c<em>hacia arriba<\/em>\u201d o \u201c<em>levantar<\/em>\u201d. Es as\u00ed, como surge la idea de nuestro proyecto y c\u00f3mo queremos que se sientan nuestros pacientes\/clientes al entrar a <strong>ERO fisioterapia y prevenci\u00f3n. <\/strong>Ayudarles a alcanzar sus objetivos, bienestar personal y f\u00edsico con nuestros servicios.<\/p>\n<!-- \/wp:paragraph -->\n\n<!-- wp:paragraph -->\n<p>ERO fisioterapia y prevenci\u00f3n est\u00e1 en constante crecimiento y as\u00ed, mantener la m\u00e1xima \u201c<em>altura<\/em>\u201d en su nivel de formaci\u00f3n.<\/p>\n<!-- \/wp:paragraph -->\n\n<!-- wp:paragraph -->\n<p>En ella, nos unimos<a href=\"http:\/\/erofisioterapiayprevencion.es\/?page_id=5\"> <\/a><em><a href=\"http:\/\/erofisioterapiayprevencion.es\/?page_id=5\">especialistas<\/a><\/em> sanitarios fisioterapeutas y escuela de perfeccionamiento del deporte, para crear un trabajo multidisciplinar en el sector deportivo y de la salud.<\/p>\n<!-- \/wp:paragraph -->\n\n<!-- wp:image {\"id\":107,\"align\":\"center\"} -->\n<div class=\"wp-block-image\"><figure class=\"aligncenter\"><img loading=\"lazy\" width=\"1024\" height=\"517\" src=\"http:\/\/erofisioterapiayprevencion.es\/wp-content\/uploads\/2019\/03\/ero2-1-1024x517.jpg\" alt=\"\" class=\"wp-image-107\" srcset=\"http:\/\/erofisioterapiayprevencion.es\/wp-content\/uploads\/2019\/03\/ero2-1-1024x517.jpg 1024w, http:\/\/erofisioterapiayprevencion.es\/wp-content\/uploads\/2019\/03\/ero2-1-600x303.jpg 600w, http:\/\/erofisioterapiayprevencion.es\/wp-content\/uploads\/2019\/03\/ero2-1-300x151.jpg 300w, http:\/\/erofisioterapiayprevencion.es\/wp-content\/uploads\/2019\/03\/ero2-1-768x387.jpg 768w, http:\/\/erofisioterapiayprevencion.es\/wp-content\/uploads\/2019\/03\/ero2-1-1560x787.jpg 1560w, http:\/\/erofisioterapiayprevencion.es\/wp-content\/uploads\/2019\/03\/ero2-1.jpg 2048w\" sizes=\"(max-width: 1024px) 100vw, 1024px\" \/><\/figure><\/div>\n<!-- \/wp:image --><\/div>\n\t\t\t\t<\/div>\n\t\t\t\t<\/div>\n\t\t\t\t\t\t<\/div>\n\t\t\t\t\t<\/div>\n\t\t<\/div>\n\t\t\t\t\t\t\t\t<\/div>\n\t\t\t\t\t<\/div>\n\t\t<\/section>\n\t\t\t\t<section class=\"elementor-section elementor-top-section elementor-element elementor-element-9e3fc6c elementor-section-boxed elementor-section-height-default elementor-section-height-default\" data-id=\"9e3fc6c\" data-element_type=\"section\">\n\t\t\t\t\t\t<div class=\"elementor-container elementor-column-gap-default\">\n\t\t\t\t\t\t\t<div class=\"elementor-row\">\n\t\t\t\t\t<div class=\"elementor-column elementor-col-100 elementor-top-column elementor-element elementor-element-d061dfc\" data-id=\"d061dfc\" data-element_type=\"column\">\n\t\t\t<div class=\"elementor-column-wrap elementor-element-populated\">\n\t\t\t\t\t\t\t<div class=\"elementor-widget-wrap\">\n\t\t\t\t\t\t<div class=\"elementor-element elementor-element-52ec383 elementor-widget elementor-widget-heading\" data-id=\"52ec383\" data-element_type=\"widget\" data-widget_type=\"heading.default\">\n\t\t\t\t<div class=\"elementor-widget-container\">\n\t\t\t<h2 class=\"elementor-heading-title elementor-size-default\">Detr\u00e1s de ERO<\/h2>\t\t<\/div>\n\t\t\t\t<\/div>\n\t\t\t\t\t\t<\/div>\n\t\t\t\t\t<\/div>\n\t\t<\/div>\n\t\t\t\t\t\t\t\t<\/div>\n\t\t\t\t\t<\/div>\n\t\t<\/section>\n\t\t\t\t<section class=\"elementor-section elementor-top-section elementor-element elementor-element-6840aa6b elementor-section-boxed elementor-section-height-default elementor-section-height-default\" data-id=\"6840aa6b\" data-element_type=\"section\" data-settings=\"{&quot;background_background&quot;:&quot;classic&quot;}\">\n\t\t\t\t\t\t<div class=\"elementor-container elementor-column-gap-default\">\n\t\t\t\t\t\t\t<div class=\"elementor-row\">\n\t\t\t\t\t<div class=\"elementor-column elementor-col-100 elementor-top-column elementor-element elementor-element-7826a49c\" data-id=\"7826a49c\" data-element_type=\"column\">\n\t\t\t<div class=\"elementor-column-wrap elementor-element-populated\">\n\t\t\t\t\t\t\t<div class=\"elementor-widget-wrap\">\n\t\t\t\t\t\t<div class=\"elementor-element elementor-element-469aaead elementor-widget elementor-widget-heading\" data-id=\"469aaead\" data-element_type=\"widget\" data-widget_type=\"heading.default\">\n\t\t\t\t<div class=\"elementor-widget-container\">\n\t\t\t<h1 class=\"elementor-heading-title elementor-size-default\">profesionales<\/h1>\t\t<\/div>\n\t\t\t\t<\/div>\n\t\t\t\t<div class=\"elementor-element elementor-element-737230f elementor-widget elementor-widget-heading\" data-id=\"737230f\" data-element_type=\"widget\" data-widget_type=\"heading.default\">\n\t\t\t\t<div class=\"elementor-widget-container\">\n\t\t\t<h2 class=\"elementor-heading-title elementor-size-default\">Javier Sempere Bustos<\/h2>\t\t<\/div>\n\t\t\t\t<\/div>\n\t\t\t\t<div class=\"elementor-element elementor-element-11b713a elementor-widget elementor-widget-image\" data-id=\"11b713a\" data-element_type=\"widget\" data-widget_type=\"image.default\">\n\t\t\t\t<div class=\"elementor-widget-container\">\n\t\t\t\t\t<div class=\"elementor-image\">\n\t\t\t\t\t\t\t\t\t\t<img src=\"http:\/\/erofisioterapiayprevencion.es\/wp-content\/uploads\/elementor\/thumbs\/4289dd34-0c94-4edc-b182-36584e037bcf-2-r4e7gzamztf37bppdrvq8u2uq5jw6nobeifcejepug.jpg\" title=\"4289dd34-0c94-4edc-b182-36584e037bcf 2\" alt=\"4289dd34-0c94-4edc-b182-36584e037bcf 2\" \/>\t\t\t\t\t\t\t\t\t\t\t<\/div>\n\t\t\t\t<\/div>\n\t\t\t\t<\/div>\n\t\t\t\t<div class=\"elementor-element elementor-element-5412b85 elementor-widget elementor-widget-text-editor\" data-id=\"5412b85\" data-element_type=\"widget\" data-widget_type=\"text-editor.default\">\n\t\t\t\t<div class=\"elementor-widget-container\">\n\t\t\t\t\t<div class=\"elementor-text-editor elementor-clearfix\"><p><span style=\"text-align: center; white-space: pre-wrap;\">N\u00ba Colegiado 4765. <b>Fisioterapeuta especializado en la actividad f\u00edsica y el deporte.<\/b> Dedica gran parte de su tiempo a mejorar la salud de la poblaci\u00f3n mediante el ejercicio terap\u00e9utico. Cuenta con 20 a\u00f1os de experiencia profesional en distintos centros deportivos y su constante aprendizaje avala su formaci\u00f3n actual. Su motivaci\u00f3n principal es ayudar a sus pacientes a conseguir sus objetivos, aportando as\u00ed mayor conciencia de la importancia de la prevenci\u00f3n en cada uno de ellos.<\/span><\/p><\/div>\n\t\t\t\t<\/div>\n\t\t\t\t<\/div>\n\t\t\t\t<div class=\"elementor-element elementor-element-87a89c9 elementor-align-center elementor-widget elementor-widget-button\" data-id=\"87a89c9\" data-element_type=\"widget\" data-widget_type=\"button.default\">\n\t\t\t\t<div class=\"elementor-widget-container\">\n\t\t\t\t\t<div class=\"elementor-button-wrapper\">\n\t\t\t<a href=\"https:\/\/www.instagram.com\/reel\/DJJWBuMscSq\/?utm_source=ig_web_copy_link&#038;igsh=MzRlODBiNWFlZA==\" class=\"elementor-button-link elementor-button elementor-size-sm\" role=\"button\">\n\t\t\t\t\t\t<span class=\"elementor-button-content-wrapper\">\n\t\t\t\t\t\t<span class=\"elementor-button-text\">CONOCE A JAVI<\/span>\n\t\t<\/span>\n\t\t\t\t\t<\/a>\n\t\t<\/div>\n\t\t\t\t<\/div>\n\t\t\t\t<\/div>\n\t\t\t\t<div class=\"elementor-element elementor-element-7fab92c elementor-widget elementor-widget-spacer\" data-id=\"7fab92c\" data-element_type=\"widget\" data-widget_type=\"spacer.default\">\n\t\t\t\t<div class=\"elementor-widget-container\">\n\t\t\t\t\t<div class=\"elementor-spacer\">\n\t\t\t<div class=\"elementor-spacer-inner\"><\/div>\n\t\t<\/div>\n\t\t\t\t<\/div>\n\t\t\t\t<\/div>\n\t\t\t\t<div class=\"elementor-element elementor-element-b58775b elementor-widget elementor-widget-heading\" data-id=\"b58775b\" data-element_type=\"widget\" data-widget_type=\"heading.default\">\n\t\t\t\t<div class=\"elementor-widget-container\">\n\t\t\t<h2 class=\"elementor-heading-title elementor-size-default\">Sonia Plano Torregrosa<\/h2>\t\t<\/div>\n\t\t\t\t<\/div>\n\t\t\t\t<div class=\"elementor-element elementor-element-5fae309 elementor-widget elementor-widget-image\" data-id=\"5fae309\" data-element_type=\"widget\" data-widget_type=\"image.default\">\n\t\t\t\t<div class=\"elementor-widget-container\">\n\t\t\t\t\t<div class=\"elementor-image\">\n\t\t\t\t\t\t\t\t\t\t<img src=\"http:\/\/erofisioterapiayprevencion.es\/wp-content\/uploads\/elementor\/thumbs\/PHOTO-2025-02-26-19-42-30-r4csacchfqyz5qwmr7jzspmzzx87l8jzgtf2a4z8fk.jpg\" title=\"PHOTO-2025-02-26-19-42-30\" alt=\"PHOTO-2025-02-26-19-42-30\" \/>\t\t\t\t\t\t\t\t\t\t\t<\/div>\n\t\t\t\t<\/div>\n\t\t\t\t<\/div>\n\t\t\t\t<div class=\"elementor-element elementor-element-0a1107f elementor-widget elementor-widget-text-editor\" data-id=\"0a1107f\" data-element_type=\"widget\" data-widget_type=\"text-editor.default\">\n\t\t\t\t<div class=\"elementor-widget-container\">\n\t\t\t\t\t<div class=\"elementor-text-editor elementor-clearfix\"><p><span style=\"text-align: center; white-space: pre-wrap;\"><b>Especialista de la Actividad f\u00edsica y el Deporte<\/b> con 17 a\u00f1os de experiencia en el sector. A lo largo de su trayectoria profesional, ha recibido formaci\u00f3n en pilates suelo, embarazadas (preparto y postparto), body balance y actividad f\u00edsica para mayores, dedicando gran parte de su tiempo a ayudar a mejorar la salud de las personas. Para ella, no hay nada m\u00e1s gratificante que ver el esfuerzo que ha implicado en su formaci\u00f3n reflejado en la evoluci\u00f3n favorable y los buenos resultados de su alumnado.<\/span><\/p><\/div>\n\t\t\t\t<\/div>\n\t\t\t\t<\/div>\n\t\t\t\t<div class=\"elementor-element elementor-element-793829b elementor-align-center elementor-widget elementor-widget-button\" data-id=\"793829b\" data-element_type=\"widget\" data-widget_type=\"button.default\">\n\t\t\t\t<div class=\"elementor-widget-container\">\n\t\t\t\t\t<div class=\"elementor-button-wrapper\">\n\t\t\t<a href=\"https:\/\/www.instagram.com\/reel\/DGlbDVRMNed\/?utm_source=ig_web_copy_link&#038;igsh=MzRlODBiNWFlZA==\" class=\"elementor-button-link elementor-button elementor-size-sm\" role=\"button\">\n\t\t\t\t\t\t<span class=\"elementor-button-content-wrapper\">\n\t\t\t\t\t\t<span class=\"elementor-button-text\">CONOCE A SONIA<\/span>\n\t\t<\/span>\n\t\t\t\t\t<\/a>\n\t\t<\/div>\n\t\t\t\t<\/div>\n\t\t\t\t<\/div>\n\t\t\t\t<div class=\"elementor-element elementor-element-02f9be8 elementor-widget elementor-widget-spacer\" data-id=\"02f9be8\" data-element_type=\"widget\" data-widget_type=\"spacer.default\">\n\t\t\t\t<div class=\"elementor-widget-container\">\n\t\t\t\t\t<div class=\"elementor-spacer\">\n\t\t\t<div class=\"elementor-spacer-inner\"><\/div>\n\t\t<\/div>\n\t\t\t\t<\/div>\n\t\t\t\t<\/div>\n\t\t\t\t<div class=\"elementor-element elementor-element-1ece816 elementor-widget elementor-widget-heading\" data-id=\"1ece816\" data-element_type=\"widget\" data-widget_type=\"heading.default\">\n\t\t\t\t<div class=\"elementor-widget-container\">\n\t\t\t<h2 class=\"elementor-heading-title elementor-size-default\">Marcos Romero Lavara<\/h2>\t\t<\/div>\n\t\t\t\t<\/div>\n\t\t\t\t<div class=\"elementor-element elementor-element-d1156b8 elementor-widget elementor-widget-image\" data-id=\"d1156b8\" data-element_type=\"widget\" data-widget_type=\"image.default\">\n\t\t\t\t<div class=\"elementor-widget-container\">\n\t\t\t\t\t<div class=\"elementor-image\">\n\t\t\t\t\t\t\t\t\t\t<img src=\"http:\/\/erofisioterapiayprevencion.es\/wp-content\/uploads\/elementor\/thumbs\/PHOTO-2025-03-04-11-20-08-r4csjz6v1wm1v19xc73wou3dw47sptbv7vyk4csgog.jpg\" title=\"PHOTO-2025-03-04-11-20-08\" alt=\"PHOTO-2025-03-04-11-20-08\" \/>\t\t\t\t\t\t\t\t\t\t\t<\/div>\n\t\t\t\t<\/div>\n\t\t\t\t<\/div>\n\t\t\t\t<div class=\"elementor-element elementor-element-53b6c12 elementor-widget elementor-widget-text-editor\" data-id=\"53b6c12\" data-element_type=\"widget\" data-widget_type=\"text-editor.default\">\n\t\t\t\t<div class=\"elementor-widget-container\">\n\t\t\t\t\t<div class=\"elementor-text-editor elementor-clearfix\"><p style=\"text-align: center;\">N\u00b0 Colegiado 3645.<b>\u00a0<\/b><span style=\"font-style: inherit; font-family: var( --e-global-typography-text-font-family ), Sans-serif;\"><b>Graduado en podolog\u00eda por la UMH.<\/b> <b>M\u00e1ster en cirug\u00eda del pie para pod\u00f3logos por la UCAM<\/b>.\u00a0<\/span><span style=\"font-style: inherit; font-family: var( --e-global-typography-text-font-family ), Sans-serif;\">Especialista en podolog\u00eda deportiva. Con m\u00e1s de 20 a\u00f1os de experiencia en el sector deportivo. Su<\/span><span style=\"font-style: inherit; font-family: var( --e-global-typography-text-font-family ), Sans-serif;\">\u00a0objetivo es conseguir una mejora en la calidad de vida de sus pacientes y mejorar sus h\u00e1bitos por medio de la adherencia al tratamiento podol\u00f3gico.<\/span><\/p><\/div>\n\t\t\t\t<\/div>\n\t\t\t\t<\/div>\n\t\t\t\t<div class=\"elementor-element elementor-element-3deab23 elementor-align-center elementor-widget elementor-widget-button\" data-id=\"3deab23\" data-element_type=\"widget\" data-widget_type=\"button.default\">\n\t\t\t\t<div class=\"elementor-widget-container\">\n\t\t\t\t\t<div class=\"elementor-button-wrapper\">\n\t\t\t<a href=\"https:\/\/www.instagram.com\/reel\/C-HdautsQov\/?utm_source=ig_web_copy_link\" class=\"elementor-button-link elementor-button elementor-size-sm\" role=\"button\">\n\t\t\t\t\t\t<span class=\"elementor-button-content-wrapper\">\n\t\t\t\t\t\t<span class=\"elementor-button-text\">UN CAF\u00c9 \u2615\ufe0f CON MARCOS<\/span>\n\t\t<\/span>\n\t\t\t\t\t<\/a>\n\t\t<\/div>\n\t\t\t\t<\/div>\n\t\t\t\t<\/div>\n\t\t\t\t<div class=\"elementor-element elementor-element-41cc0b6 elementor-widget elementor-widget-spacer\" data-id=\"41cc0b6\" data-element_type=\"widget\" data-widget_type=\"spacer.default\">\n\t\t\t\t<div class=\"elementor-widget-container\">\n\t\t\t\t\t<div class=\"elementor-spacer\">\n\t\t\t<div class=\"elementor-spacer-inner\"><\/div>\n\t\t<\/div>\n\t\t\t\t<\/div>\n\t\t\t\t<\/div>\n\t\t\t\t<div class=\"elementor-element elementor-element-c0b8fad elementor-widget elementor-widget-heading\" data-id=\"c0b8fad\" data-element_type=\"widget\" data-widget_type=\"heading.default\">\n\t\t\t\t<div class=\"elementor-widget-container\">\n\t\t\t<h2 class=\"elementor-heading-title elementor-size-default\">Maite Aledo-Rey<\/h2>\t\t<\/div>\n\t\t\t\t<\/div>\n\t\t\t\t<div class=\"elementor-element elementor-element-dc50a28 elementor-widget elementor-widget-image\" data-id=\"dc50a28\" data-element_type=\"widget\" data-widget_type=\"image.default\">\n\t\t\t\t<div class=\"elementor-widget-container\">\n\t\t\t\t\t<div class=\"elementor-image\">\n\t\t\t\t\t\t\t\t\t\t<img src=\"http:\/\/erofisioterapiayprevencion.es\/wp-content\/uploads\/elementor\/thumbs\/IMG_9065-scaled-r64uwz7x7z1znv0pafu2398t6eu8hxpgzab51av33k.jpg\" title=\"IMG_9065\" alt=\"IMG_9065\" \/>\t\t\t\t\t\t\t\t\t\t\t<\/div>\n\t\t\t\t<\/div>\n\t\t\t\t<\/div>\n\t\t\t\t<div class=\"elementor-element elementor-element-ef362c8 elementor-widget elementor-widget-text-editor\" data-id=\"ef362c8\" data-element_type=\"widget\" data-widget_type=\"text-editor.default\">\n\t\t\t\t<div class=\"elementor-widget-container\">\n\t\t\t\t\t<div class=\"elementor-text-editor elementor-clearfix\"><p>N\u00b0 Colegiada 19025. <strong>Psic\u00f3loga y experta en bienestar est\u00e9tico.<\/strong> A lo largo de su trayectoria, Maite ha unido la psicolog\u00eda con el mundo de la est\u00e9tica, ofreciendo un enfoque integral del cuidado personal. Ha completado formaci\u00f3n en mindfulness, masaje terap\u00e9utico y acompa\u00f1amiento emocional, y dirige desde hace a\u00f1os el centro Terciopelos, especializado en tratamientos avanzados y personalizados. Su objetivo es mejorar la calidad de vida de las personas a trav\u00e9s del autocuidado, la conciencia corporal y el equilibrio emocional.<\/p><\/div>\n\t\t\t\t<\/div>\n\t\t\t\t<\/div>\n\t\t\t\t<div class=\"elementor-element elementor-element-6c29899 elementor-widget elementor-widget-spacer\" data-id=\"6c29899\" data-element_type=\"widget\" data-widget_type=\"spacer.default\">\n\t\t\t\t<div class=\"elementor-widget-container\">\n\t\t\t\t\t<div class=\"elementor-spacer\">\n\t\t\t<div class=\"elementor-spacer-inner\"><\/div>\n\t\t<\/div>\n\t\t\t\t<\/div>\n\t\t\t\t<\/div>\n\t\t\t\t<div class=\"elementor-element elementor-element-54b8e0f elementor-align-center elementor-widget elementor-widget-button\" data-id=\"54b8e0f\" data-element_type=\"widget\" data-widget_type=\"button.default\">\n\t\t\t\t<div class=\"elementor-widget-container\">\n\t\t\t\t\t<div class=\"elementor-button-wrapper\">\n\t\t\t<a href=\"https:\/\/www.instagram.com\/reel\/DJtbenTMIzj\/?utm_source=ig_web_copy_link&#038;igsh=MzRlODBiNWFlZA==\" class=\"elementor-button-link elementor-button elementor-size-sm\" role=\"button\">\n\t\t\t\t\t\t<span class=\"elementor-button-content-wrapper\">\n\t\t\t\t\t\t<span class=\"elementor-button-text\">CONOCE A MAITE<\/span>\n\t\t<\/span>\n\t\t\t\t\t<\/a>\n\t\t<\/div>\n\t\t\t\t<\/div>\n\t\t\t\t<\/div>\n\t\t\t\t<div class=\"elementor-element elementor-element-2337cce elementor-widget elementor-widget-heading\" data-id=\"2337cce\" data-element_type=\"widget\" data-widget_type=\"heading.default\">\n\t\t\t\t<div class=\"elementor-widget-container\">\n\t\t\t<h2 class=\"elementor-heading-title elementor-size-default\">Ra\u00fal Bonete Iborra<\/h2>\t\t<\/div>\n\t\t\t\t<\/div>\n\t\t\t\t<div class=\"elementor-element elementor-element-2a7acab elementor-widget elementor-widget-image\" data-id=\"2a7acab\" data-element_type=\"widget\" data-widget_type=\"image.default\">\n\t\t\t\t<div class=\"elementor-widget-container\">\n\t\t\t\t\t<div class=\"elementor-image\">\n\t\t\t\t\t\t\t\t\t\t<img src=\"http:\/\/erofisioterapiayprevencion.es\/wp-content\/uploads\/elementor\/thumbs\/PHOTO-2025-04-03-17-54-02-r4cs8fq754squsp4e4ucjn3mxyncxpjbpa43z3di14.jpg\" title=\"PHOTO-2025-04-03-17-54-02\" alt=\"PHOTO-2025-04-03-17-54-02\" \/>\t\t\t\t\t\t\t\t\t\t\t<\/div>\n\t\t\t\t<\/div>\n\t\t\t\t<\/div>\n\t\t\t\t<div class=\"elementor-element elementor-element-d8e1efd elementor-widget elementor-widget-text-editor\" data-id=\"d8e1efd\" data-element_type=\"widget\" data-widget_type=\"text-editor.default\">\n\t\t\t\t<div class=\"elementor-widget-container\">\n\t\t\t\t\t<div class=\"elementor-text-editor elementor-clearfix\"><p>N\u00ba de colegiado CV00295. <b>Graduado en Nutrici\u00f3n Humana y Diet\u00e9tica.<\/b> Especializado en <b>patolog\u00edas endocrinas, metab\u00f3licas y autoinmunes.<\/b> Desde que decidi\u00f3 estudiar la carrera de Nutrici\u00f3n ten\u00eda claro que quer\u00eda ayudar a las personas a mejorar su calidad de vida mediante la alimentaci\u00f3n. Su objetivo es cambiar el concepto \u00abponerse a dieta\u00bb por un cambio de h\u00e1bitos, siempre atendiendo a las preferencias de cada paciente y adaptando la propuesta de mejora del plan nutricional. \u00bfSu objetivo? Ayudarte a conseguir adherencia al tratamiento y ayudarte a alcanzar los objetivos planificados.<\/p><\/div>\n\t\t\t\t<\/div>\n\t\t\t\t<\/div>\n\t\t\t\t<div class=\"elementor-element elementor-element-db00c42 elementor-align-center elementor-widget elementor-widget-button\" data-id=\"db00c42\" data-element_type=\"widget\" data-widget_type=\"button.default\">\n\t\t\t\t<div class=\"elementor-widget-container\">\n\t\t\t\t\t<div class=\"elementor-button-wrapper\">\n\t\t\t<a href=\"https:\/\/www.instagram.com\/reel\/DITUeFjMbVK\/?utm_source=ig_web_copy_link&#038;igsh=MzRlODBiNWFlZA==\" class=\"elementor-button-link elementor-button elementor-size-sm\" role=\"button\">\n\t\t\t\t\t\t<span class=\"elementor-button-content-wrapper\">\n\t\t\t\t\t\t<span class=\"elementor-button-text\">CONOCE A RA\u00daL<\/span>\n\t\t<\/span>\n\t\t\t\t\t<\/a>\n\t\t<\/div>\n\t\t\t\t<\/div>\n\t\t\t\t<\/div>\n\t\t\t\t<div class=\"elementor-element elementor-element-dbdb061 elementor-widget elementor-widget-spacer\" data-id=\"dbdb061\" data-element_type=\"widget\" data-widget_type=\"spacer.default\">\n\t\t\t\t<div class=\"elementor-widget-container\">\n\t\t\t\t\t<div class=\"elementor-spacer\">\n\t\t\t<div class=\"elementor-spacer-inner\"><\/div>\n\t\t<\/div>\n\t\t\t\t<\/div>\n\t\t\t\t<\/div>\n\t\t\t\t<div class=\"elementor-element elementor-element-f9d421a elementor-widget elementor-widget-heading\" data-id=\"f9d421a\" data-element_type=\"widget\" data-widget_type=\"heading.default\">\n\t\t\t\t<div class=\"elementor-widget-container\">\n\t\t\t<h2 class=\"elementor-heading-title elementor-size-default\">Alicia Pimentel Mayordomo<\/h2>\t\t<\/div>\n\t\t\t\t<\/div>\n\t\t\t\t<div class=\"elementor-element elementor-element-9434fde elementor-widget elementor-widget-image\" data-id=\"9434fde\" data-element_type=\"widget\" data-widget_type=\"image.default\">\n\t\t\t\t<div class=\"elementor-widget-container\">\n\t\t\t\t\t<div class=\"elementor-image\">\n\t\t\t\t\t\t\t\t\t\t<img src=\"http:\/\/erofisioterapiayprevencion.es\/wp-content\/uploads\/elementor\/thumbs\/PHOTO-2025-08-11-12-46-32-raiyzxol0c61on9pize37koohknblhwmwo6giqvx54.jpg\" title=\"PHOTO-2025-08-11-12-46-32\" alt=\"PHOTO-2025-08-11-12-46-32\" \/>\t\t\t\t\t\t\t\t\t\t\t<\/div>\n\t\t\t\t<\/div>\n\t\t\t\t<\/div>\n\t\t\t\t<div class=\"elementor-element elementor-element-14a00ff elementor-widget elementor-widget-text-editor\" data-id=\"14a00ff\" data-element_type=\"widget\" data-widget_type=\"text-editor.default\">\n\t\t\t\t<div class=\"elementor-widget-container\">\n\t\t\t\t\t<div class=\"elementor-text-editor elementor-clearfix\"><p style=\"font-size: 15px; font-style: normal; text-align: center;\">N\u00ba de colegiada 6244.\u00a0<strong>Graduada en fisioterapia. M\u00e1ster en neuromodulaci\u00f3n percut\u00e1nea y t\u00e9cnicas invasivas<\/strong>. Durante su trayectoria profesional ha trabajado en distintos centros de fisioterapia y se ha formado en Pilates y en ejercicio terapeutico y actualmente est\u00e1 introduciendo la ecograf\u00eda y las t\u00e9cnicas invasivas dentro de sus competencias.<\/p>\n<p style=\"font-size: 15px; font-style: normal; text-align: center;\">Alicia ha hecho deporte durante muchos a\u00f1os, empez\u00f3 con\u00a0<strong>gimnasia r\u00edtmica, tenis, entrenamiento de fuerza<\/strong> y actualmente practica Crossfit.<\/p>\n<p style=\"font-size: 15px; font-style: normal; text-align: center;\">Su objetivo desde que empez\u00f3 a desarrollarse como fisioterapeuta ha sido ayudar a las personas, acompa\u00f1arlas y guiarlas durante el proceso de recuperaci\u00f3n de sus lesiones, inculcarles buenos habitos para la prevenci\u00f3n de estas y mejorar su salud global.<\/p><\/div>\n\t\t\t\t<\/div>\n\t\t\t\t<\/div>\n\t\t\t\t<div class=\"elementor-element elementor-element-d69255e elementor-align-center elementor-widget elementor-widget-button\" data-id=\"d69255e\" data-element_type=\"widget\" data-widget_type=\"button.default\">\n\t\t\t\t<div class=\"elementor-widget-container\">\n\t\t\t\t\t<div class=\"elementor-button-wrapper\">\n\t\t\t<a href=\"https:\/\/www.instagram.com\/reel\/DNQe_bDMtqn\/?utm_source=ig_web_copy_link&#038;igsh=MzRlODBiNWFlZA==\" class=\"elementor-button-link elementor-button elementor-size-sm\" role=\"button\">\n\t\t\t\t\t\t<span class=\"elementor-button-content-wrapper\">\n\t\t\t\t\t\t<span class=\"elementor-button-text\">CONOCE A ALICIA<\/span>\n\t\t<\/span>\n\t\t\t\t\t<\/a>\n\t\t<\/div>\n\t\t\t\t<\/div>\n\t\t\t\t<\/div>\n\t\t\t\t<div class=\"elementor-element elementor-element-f3b942f elementor-widget elementor-widget-spacer\" data-id=\"f3b942f\" data-element_type=\"widget\" data-widget_type=\"spacer.default\">\n\t\t\t\t<div class=\"elementor-widget-container\">\n\t\t\t\t\t<div class=\"elementor-spacer\">\n\t\t\t<div class=\"elementor-spacer-inner\"><\/div>\n\t\t<\/div>\n\t\t\t\t<\/div>\n\t\t\t\t<\/div>\n\t\t\t\t<div class=\"elementor-element elementor-element-47d1ab1 elementor-widget elementor-widget-heading\" data-id=\"47d1ab1\" data-element_type=\"widget\" data-widget_type=\"heading.default\">\n\t\t\t\t<div class=\"elementor-widget-container\">\n\t\t\t<h2 class=\"elementor-heading-title elementor-size-default\">Marta Ferrara Mira<\/h2>\t\t<\/div>\n\t\t\t\t<\/div>\n\t\t\t\t<div class=\"elementor-element elementor-element-7aaa9c9 elementor-widget elementor-widget-image\" data-id=\"7aaa9c9\" data-element_type=\"widget\" data-widget_type=\"image.default\">\n\t\t\t\t<div class=\"elementor-widget-container\">\n\t\t\t\t\t<div class=\"elementor-image\">\n\t\t\t\t\t\t\t\t\t\t<img src=\"http:\/\/erofisioterapiayprevencion.es\/wp-content\/uploads\/elementor\/thumbs\/WhatsApp-Image-2025-10-07-at-08.39.22-rcutzk7ec9uw0g8mhktcz51r3aw2knd76o919ulaq0.jpeg\" title=\"WhatsApp Image 2025-10-07 at 08.39.22\" alt=\"WhatsApp Image 2025-10-07 at 08.39.22\" \/>\t\t\t\t\t\t\t\t\t\t\t<\/div>\n\t\t\t\t<\/div>\n\t\t\t\t<\/div>\n\t\t\t\t<div class=\"elementor-element elementor-element-5368ef9 elementor-widget elementor-widget-text-editor\" data-id=\"5368ef9\" data-element_type=\"widget\" data-widget_type=\"text-editor.default\">\n\t\t\t\t<div class=\"elementor-widget-container\">\n\t\t\t\t\t<div class=\"elementor-text-editor elementor-clearfix\"><p>N\u00ba<b> Colegiada 9971.<\/b> Graduada en Fisioterapia por la UMH. Actualmente cursando un M\u00e1ster Oficial en T\u00e9cnicas Invasivas y Terapia Manual. Ha orientado su trayectoria profesional hacia un abordaje integral, contando con herramientas invasivas, terapia manual y mucho ejercicio terap\u00e9utico, con el objetivo de recuperar la funcionalidad completa, prevenir lesiones y potenciar el bienestar general.<\/p>\n<p><span style=\"font-family: var( --e-global-typography-text-font-family ), Sans-serif; font-style: inherit;\">El deporte siempre ha estado presente en su vida, practicando deportes como <strong>atletismo, p\u00e1del, nataci\u00f3n, ciclismo y entrenamiento de fuerza.<\/strong><\/span><\/p><\/div>\n\t\t\t\t<\/div>\n\t\t\t\t<\/div>\n\t\t\t\t<div class=\"elementor-element elementor-element-738059d elementor-align-center elementor-widget elementor-widget-button\" data-id=\"738059d\" data-element_type=\"widget\" data-widget_type=\"button.default\">\n\t\t\t\t<div class=\"elementor-widget-container\">\n\t\t\t\t\t<div class=\"elementor-button-wrapper\">\n\t\t\t<a href=\"#\" class=\"elementor-button-link elementor-button elementor-size-sm\" role=\"button\">\n\t\t\t\t\t\t<span class=\"elementor-button-content-wrapper\">\n\t\t\t\t\t\t<span class=\"elementor-button-text\">CONOCE A MARTA<\/span>\n\t\t<\/span>\n\t\t\t\t\t<\/a>\n\t\t<\/div>\n\t\t\t\t<\/div>\n\t\t\t\t<\/div>\n\t\t\t\t<div class=\"elementor-element elementor-element-49b0f26 elementor-widget elementor-widget-spacer\" data-id=\"49b0f26\" data-element_type=\"widget\" data-widget_type=\"spacer.default\">\n\t\t\t\t<div class=\"elementor-widget-container\">\n\t\t\t\t\t<div class=\"elementor-spacer\">\n\t\t\t<div class=\"elementor-spacer-inner\"><\/div>\n\t\t<\/div>\n\t\t\t\t<\/div>\n\t\t\t\t<\/div>\n\t\t\t\t<div class=\"elementor-element elementor-element-94078c7 elementor-widget elementor-widget-heading\" data-id=\"94078c7\" data-element_type=\"widget\" data-widget_type=\"heading.default\">\n\t\t\t\t<div class=\"elementor-widget-container\">\n\t\t\t<h2 class=\"elementor-heading-title elementor-size-default\">Estefan\u00eda S\u00e1nchez de Gea<\/h2>\t\t<\/div>\n\t\t\t\t<\/div>\n\t\t\t\t<div class=\"elementor-element elementor-element-7205427 elementor-widget elementor-widget-image\" data-id=\"7205427\" data-element_type=\"widget\" data-widget_type=\"image.default\">\n\t\t\t\t<div class=\"elementor-widget-container\">\n\t\t\t\t\t<div class=\"elementor-image\">\n\t\t\t\t\t\t\t\t\t\t<img src=\"http:\/\/erofisioterapiayprevencion.es\/wp-content\/uploads\/elementor\/thumbs\/IMG_20251118_132617-scaled-rf9tcmg9h1g23czixu2yyuqsitovjqxhnq882o34w8.jpg\" title=\"IMG_20251118_132617\" alt=\"IMG_20251118_132617\" \/>\t\t\t\t\t\t\t\t\t\t\t<\/div>\n\t\t\t\t<\/div>\n\t\t\t\t<\/div>\n\t\t\t\t<div class=\"elementor-element elementor-element-a6ff13c elementor-widget elementor-widget-text-editor\" data-id=\"a6ff13c\" data-element_type=\"widget\" data-widget_type=\"text-editor.default\">\n\t\t\t\t<div class=\"elementor-widget-container\">\n\t\t\t\t\t<div class=\"elementor-text-editor elementor-clearfix\"><p><strong>Graduada en Medicina y M\u00e1ster en Medicina Est\u00e9tica, nutrici\u00f3n y antienvejecimiento<\/strong>, as\u00ed como <strong>Master en PNIE y medicina integrativ<\/strong>a. Colegiada en el Colegio Oficial de M\u00e9dicos de Alicante (COMA) N\u00ba Colegiada 034626012. Y miembro de la Sociedad Espa\u00f1ola de Medicina Est\u00e9tica (SEME) N\u00ba 2638.<\/p>\n<p>Trabaja la medicina est\u00e9tica desde una perspectiva <strong>regenerativa, antiaging e integrativa<\/strong> en la salud, con la finalidad de conservar la naturalidad y los rasgos anat\u00f3micos de cada persona y mejorar la calidad de la piel.\u00a0<\/p>\n<p>Adem\u00e1s de la medicina est\u00e9tica, le apasiona la medicina integrativa. Por lo que siempre trata de ayudar a los pacientes trabajando <strong>no solo el aspecto f\u00edsico, sino tambi\u00e9n teniendo en cuenta la salud integral de sus pacientes.<\/strong><\/p><\/div>\n\t\t\t\t<\/div>\n\t\t\t\t<\/div>\n\t\t\t\t<div class=\"elementor-element elementor-element-c096544 elementor-align-center elementor-widget elementor-widget-button\" data-id=\"c096544\" data-element_type=\"widget\" data-widget_type=\"button.default\">\n\t\t\t\t<div class=\"elementor-widget-container\">\n\t\t\t\t\t<div class=\"elementor-button-wrapper\">\n\t\t\t<a href=\"https:\/\/www.instagram.com\/reel\/DRSPrPDDKzX\/?utm_source=ig_web_copy_link&#038;igsh=MzRlODBiNWFlZA==\" class=\"elementor-button-link elementor-button elementor-size-sm\" role=\"button\">\n\t\t\t\t\t\t<span class=\"elementor-button-content-wrapper\">\n\t\t\t\t\t\t<span class=\"elementor-button-text\">CONOCE A ESTEFAN\u00cdA<\/span>\n\t\t<\/span>\n\t\t\t\t\t<\/a>\n\t\t<\/div>\n\t\t\t\t<\/div>\n\t\t\t\t<\/div>\n\t\t\t\t<div class=\"elementor-element elementor-element-ae0b95a elementor-widget elementor-widget-spacer\" data-id=\"ae0b95a\" data-element_type=\"widget\" data-widget_type=\"spacer.default\">\n\t\t\t\t<div class=\"elementor-widget-container\">\n\t\t\t\t\t<div class=\"elementor-spacer\">\n\t\t\t<div class=\"elementor-spacer-inner\"><\/div>\n\t\t<\/div>\n\t\t\t\t<\/div>\n\t\t\t\t<\/div>\n\t\t\t\t<div class=\"elementor-element elementor-element-4036b03 elementor-widget elementor-widget-heading\" data-id=\"4036b03\" data-element_type=\"widget\" data-widget_type=\"heading.default\">\n\t\t\t\t<div class=\"elementor-widget-container\">\n\t\t\t<h2 class=\"elementor-heading-title elementor-size-default\">Ferran Florencio Catal\u00e1<\/h2>\t\t<\/div>\n\t\t\t\t<\/div>\n\t\t\t\t<div class=\"elementor-element elementor-element-432988a elementor-widget elementor-widget-image\" data-id=\"432988a\" data-element_type=\"widget\" data-widget_type=\"image.default\">\n\t\t\t\t<div class=\"elementor-widget-container\">\n\t\t\t\t\t<div class=\"elementor-image\">\n\t\t\t\t\t\t\t\t\t\t<img src=\"http:\/\/erofisioterapiayprevencion.es\/wp-content\/uploads\/elementor\/thumbs\/Ferran-rkg65ki15vxqxg5blv3zrw6lyzemuqgp5mf2ggi5c8.png\" title=\"Ferran\" alt=\"Ferran\" \/>\t\t\t\t\t\t\t\t\t\t\t<\/div>\n\t\t\t\t<\/div>\n\t\t\t\t<\/div>\n\t\t\t\t<div class=\"elementor-element elementor-element-9b943e7 elementor-widget elementor-widget-text-editor\" data-id=\"9b943e7\" data-element_type=\"widget\" data-widget_type=\"text-editor.default\">\n\t\t\t\t<div class=\"elementor-widget-container\">\n\t\t\t\t\t<div class=\"elementor-text-editor elementor-clearfix\"><p>N\u00ba Colegiado: 9590.\u00a0<span style=\"font-family: var( --e-global-typography-text-font-family ), Sans-serif; font-style: inherit;\"><strong>Graduado en Fisioterapia por la UMH y T\u00e9cnico en Actividad F\u00edsica y Deportiva (TAFAD).<\/strong> Ha orientado su trayectoria profesional hacia un abordaje integral del paciente, contando con herramientas como la e<strong>lectropunci\u00f3n, la terapia manual y el ejercicio terap\u00e9utico<\/strong>, con el objetivo de recuperar la funcionalidad completa, prevenir lesiones y potenciar el bienestar general.<\/span><\/p>\n<p>El deporte siempre ha estado presente en su vida. Ha practicado <strong>f\u00fatbol a nivel profesional<\/strong> y, de forma seria y continuada, otras disciplinas como <strong>baloncesto, atletismo y entrenamiento en gimnasio.<\/strong><\/p><\/div>\n\t\t\t\t<\/div>\n\t\t\t\t<\/div>\n\t\t\t\t<div class=\"elementor-element elementor-element-85ef483 elementor-align-center elementor-widget elementor-widget-button\" data-id=\"85ef483\" data-element_type=\"widget\" data-widget_type=\"button.default\">\n\t\t\t\t<div class=\"elementor-widget-container\">\n\t\t\t\t\t<div class=\"elementor-button-wrapper\">\n\t\t\t<a href=\"\" class=\"elementor-button-link elementor-button elementor-size-sm\" role=\"button\">\n\t\t\t\t\t\t<span class=\"elementor-button-content-wrapper\">\n\t\t\t\t\t\t<span class=\"elementor-button-text\">CONOCE A FERRAN<\/span>\n\t\t<\/span>\n\t\t\t\t\t<\/a>\n\t\t<\/div>\n\t\t\t\t<\/div>\n\t\t\t\t<\/div>\n\t\t\t\t\t\t<\/div>\n\t\t\t\t\t<\/div>\n\t\t<\/div>\n\t\t\t\t\t\t\t\t<\/div>\n\t\t\t\t\t<\/div>\n\t\t<\/section>\n\t\t\t\t\t\t<\/div>\n\t\t\t\t\t\t<\/div>\n\t\t\t\t\t<\/div>\n\t\t","protected":false},"excerpt":{"rendered":"<p>ERO significa \u00abhacia arriba\u00bb \u00bfQuienes somos? Para conocernos, te presentamos el origen etimol\u00f3gico de nuestro nombre. Aire emana de un vocablo del lat\u00edn, que adem\u00e1s procede de la palabra griega ero y se traduce como \u201chacia arriba\u201d o \u201clevantar\u201d. Es as\u00ed, como surge la idea de nuestro proyecto y c\u00f3mo queremos que se sientan nuestros [&hellip;]<\/p>\n","protected":false},"author":1,"featured_media":0,"parent":0,"menu_order":0,"comment_status":"closed","ping_status":"closed","template":"","meta":[],"_links":{"self":[{"href":"http:\/\/erofisioterapiayprevencion.es\/index.php?rest_route=\/wp\/v2\/pages\/60"}],"collection":[{"href":"http:\/\/erofisioterapiayprevencion.es\/index.php?rest_route=\/wp\/v2\/pages"}],"about":[{"href":"http:\/\/erofisioterapiayprevencion.es\/index.php?rest_route=\/wp\/v2\/types\/page"}],"author":[{"embeddable":true,"href":"http:\/\/erofisioterapiayprevencion.es\/index.php?rest_route=\/wp\/v2\/users\/1"}],"replies":[{"embeddable":true,"href":"http:\/\/erofisioterapiayprevencion.es\/index.php?rest_route=%2Fwp%2Fv2%2Fcomments&post=60"}],"version-history":[{"count":228,"href":"http:\/\/erofisioterapiayprevencion.es\/index.php?rest_route=\/wp\/v2\/pages\/60\/revisions"}],"predecessor-version":[{"id":2670,"href":"http:\/\/erofisioterapiayprevencion.es\/index.php?rest_route=\/wp\/v2\/pages\/60\/revisions\/2670"}],"wp:attachment":[{"href":"http:\/\/erofisioterapiayprevencion.es\/index.php?rest_route=%2Fwp%2Fv2%2Fmedia&parent=60"}],"curies":[{"name":"wp","href":"https:\/\/api.w.org\/{rel}","templated":true}]}}